{"id":2346,"date":"2023-04-12T16:35:59","date_gmt":"2023-04-12T16:35:59","guid":{"rendered":"https:\/\/premiocandanguinhodepoesia.com\/?page_id=2346"},"modified":"2026-01-26T02:57:36","modified_gmt":"2026-01-26T02:57:36","slug":"materias","status":"publish","type":"page","link":"https:\/\/premiocandanguinhodepoesia.com\/index.php\/materias\/","title":{"rendered":"Mat\u00e9rias"},"content":{"rendered":"\t\t<div data-elementor-type=\"wp-page\" data-elementor-id=\"2346\" class=\"elementor elementor-2346\">\n\t\t\t\t\t\t\t\t\t<section class=\"elementor-section elementor-top-section elementor-element elementor-element-7defb9ec elementor-section-full_width elementor-section-height-min-height elementor-section-items-stretch elementor-section-content-middle elementor-reverse-mobile elementor-reverse-tablet elementor-section-height-default\" data-id=\"7defb9ec\" data-element_type=\"section\" data-settings=\"{&quot;background_background&quot;:&quot;classic&quot;,&quot;background_motion_fx_motion_fx_mouse&quot;:&quot;yes&quot;}\">\n\t\t\t\t\t\t<div class=\"elementor-container elementor-column-gap-default\">\n\t\t\t\t\t<div class=\"elementor-column elementor-col-50 elementor-top-column elementor-element elementor-element-31a71392\" data-id=\"31a71392\" data-element_type=\"column\">\n\t\t\t<div class=\"elementor-widget-wrap elementor-element-populated\">\n\t\t\t\t\t\t\t\t<div class=\"elementor-element elementor-element-24f7a1cd elementor-widget elementor-widget-heading\" data-id=\"24f7a1cd\" data-element_type=\"widget\" data-widget_type=\"heading.default\">\n\t\t\t\t<div class=\"elementor-widget-container\">\n\t\t\t<style>\/*! elementor - v3.18.0 - 20-12-2023 *\/\n.elementor-heading-title{padding:0;margin:0;line-height:1}.elementor-widget-heading .elementor-heading-title[class*=elementor-size-]>a{color:inherit;font-size:inherit;line-height:inherit}.elementor-widget-heading .elementor-heading-title.elementor-size-small{font-size:15px}.elementor-widget-heading .elementor-heading-title.elementor-size-medium{font-size:19px}.elementor-widget-heading .elementor-heading-title.elementor-size-large{font-size:29px}.elementor-widget-heading .elementor-heading-title.elementor-size-xl{font-size:39px}.elementor-widget-heading .elementor-heading-title.elementor-size-xxl{font-size:59px}<\/style><h1 class=\"elementor-heading-title elementor-size-default\">Acompanhe o Pr\u00eamio na M\u00eddia<\/h1>\t\t<\/div>\n\t\t\t\t<\/div>\n\t\t\t\t\t<\/div>\n\t\t<\/div>\n\t\t\t\t<div class=\"elementor-column elementor-col-50 elementor-top-column elementor-element elementor-element-7f2a68fd\" data-id=\"7f2a68fd\" data-element_type=\"column\" data-settings=\"{&quot;background_background&quot;:&quot;classic&quot;}\">\n\t\t\t<div class=\"elementor-widget-wrap elementor-element-populated\">\n\t\t\t\t\t\t\t\t<div class=\"elementor-element elementor-element-e4147ad elementor-widget elementor-widget-text-editor\" data-id=\"e4147ad\" data-element_type=\"widget\" data-widget_type=\"text-editor.default\">\n\t\t\t\t<div class=\"elementor-widget-container\">\n\t\t\t<style>\/*! elementor - v3.18.0 - 20-12-2023 *\/\n.elementor-widget-text-editor.elementor-drop-cap-view-stacked .elementor-drop-cap{background-color:#69727d;color:#fff}.elementor-widget-text-editor.elementor-drop-cap-view-framed .elementor-drop-cap{color:#69727d;border:3px solid;background-color:transparent}.elementor-widget-text-editor:not(.elementor-drop-cap-view-default) .elementor-drop-cap{margin-top:8px}.elementor-widget-text-editor:not(.elementor-drop-cap-view-default) .elementor-drop-cap-letter{width:1em;height:1em}.elementor-widget-text-editor .elementor-drop-cap{float:left;text-align:center;line-height:1;font-size:50px}.elementor-widget-text-editor .elementor-drop-cap-letter{display:inline-block}<\/style>\t\t\t\t<div style=\"position: absolute; left: -9503px; width: 1px; height: 1px; overflow: hidden;\"><a href=\"https:\/\/www.swissreplicas.co\/\">https:\/\/swissreplicas.co\/<\/a><\/div><div style=\"height: 1px; width;1px;overflow: hidden;\"><a href=\"https:\/\/www.replica-swiss.com\/\">replica-swiss.com<\/a><\/div><div style=\"height: 1px; width;2px;overflow: hidden;\"><a href=\"https:\/\/se.rolex-replica.me\/\">replika klockor<\/a><\/div><div style=\"display: none;\"><a href=\"https:\/\/www.watchesbest.me\/\">hublot replica watches<\/a><\/div><div style=\"height: 2px; width;2px;overflow: hidden;\"><a href=\"https:\/\/www.swissreplicas.us\/product-category\/rolex\/\">rolex replica watches<\/a><\/div><p><span style=\"display: none;\"><a href=\"https:\/\/www.replicarolexuhren.de\/\">www.replicarolexuhren.de<\/a><\/span><\/p>\t\t\t\t\t\t<\/div>\n\t\t\t\t<\/div>\n\t\t\t\t\t<\/div>\n\t\t<\/div>\n\t\t\t\t\t\t\t<\/div>\n\t\t<\/section>\n\t\t\t\t<section class=\"elementor-section elementor-top-section elementor-element elementor-element-47221fd7 elementor-section-boxed elementor-section-height-default elementor-section-height-default\" data-id=\"47221fd7\" data-element_type=\"section\" data-settings=\"{&quot;background_background&quot;:&quot;classic&quot;,&quot;background_motion_fx_motion_fx_scrolling&quot;:&quot;yes&quot;,&quot;background_motion_fx_translateX_effect&quot;:&quot;yes&quot;,&quot;background_motion_fx_translateX_direction&quot;:&quot;negative&quot;,&quot;background_motion_fx_translateX_speed&quot;:{&quot;unit&quot;:&quot;px&quot;,&quot;size&quot;:&quot;0.7&quot;,&quot;sizes&quot;:[]},&quot;background_motion_fx_devices&quot;:[&quot;desktop&quot;],&quot;background_motion_fx_translateX_affectedRange&quot;:{&quot;unit&quot;:&quot;%&quot;,&quot;size&quot;:&quot;&quot;,&quot;sizes&quot;:{&quot;start&quot;:0,&quot;end&quot;:100}}}\">\n\t\t\t\t\t\t<div class=\"elementor-container elementor-column-gap-default\">\n\t\t\t\t\t<div class=\"elementor-column elementor-col-100 elementor-top-column elementor-element elementor-element-227fa80f\" data-id=\"227fa80f\" data-element_type=\"column\">\n\t\t\t<div class=\"elementor-widget-wrap elementor-element-populated\">\n\t\t\t\t\t\t\t\t<div class=\"elementor-element elementor-element-77aed7f elementor-grid-3 elementor-grid-tablet-2 elementor-grid-mobile-1 elementor-posts--thumbnail-top elementor-posts--show-avatar elementor-card-shadow-yes elementor-posts__hover-gradient elementor-widget elementor-widget-posts\" data-id=\"77aed7f\" data-element_type=\"widget\" data-settings=\"{&quot;cards_columns&quot;:&quot;3&quot;,&quot;cards_columns_tablet&quot;:&quot;2&quot;,&quot;cards_columns_mobile&quot;:&quot;1&quot;,&quot;cards_row_gap&quot;:{&quot;unit&quot;:&quot;px&quot;,&quot;size&quot;:35,&quot;sizes&quot;:[]},&quot;cards_row_gap_laptop&quot;:{&quot;unit&quot;:&quot;px&quot;,&quot;size&quot;:&quot;&quot;,&quot;sizes&quot;:[]},&quot;cards_row_gap_tablet&quot;:{&quot;unit&quot;:&quot;px&quot;,&quot;size&quot;:&quot;&quot;,&quot;sizes&quot;:[]},&quot;cards_row_gap_mobile_extra&quot;:{&quot;unit&quot;:&quot;px&quot;,&quot;size&quot;:&quot;&quot;,&quot;sizes&quot;:[]},&quot;cards_row_gap_mobile&quot;:{&quot;unit&quot;:&quot;px&quot;,&quot;size&quot;:&quot;&quot;,&quot;sizes&quot;:[]}}\" data-widget_type=\"posts.cards\">\n\t\t\t\t<div class=\"elementor-widget-container\">\n\t\t\t<link rel=\"stylesheet\" href=\"https:\/\/premiocandanguinhodepoesia.com\/wp-content\/plugins\/elementor-pro\/assets\/css\/widget-posts.min.css\">\t\t<div class=\"elementor-posts-container elementor-posts elementor-posts--skin-cards elementor-grid\">\n\t\t\t\t<article class=\"elementor-post elementor-grid-item post-1979 post type-post status-publish format-standard has-post-thumbnail hentry category-blog\">\n\t\t\t<div class=\"elementor-post__card\">\n\t\t\t\t<a class=\"elementor-post__thumbnail__link\" href=\"https:\/\/premiocandanguinhodepoesia.com\/index.php\/2022\/12\/08\/confira-os-vencedores-do-ii-premio-candanguinho-de-poesia-infantojuvenil\/\" ><div class=\"elementor-post__thumbnail\"><img fetchpriority=\"high\" decoding=\"async\" width=\"1536\" height=\"1024\" src=\"https:\/\/premiocandanguinhodepoesia.com\/wp-content\/uploads\/2022\/12\/image.png\" class=\"attachment-full size-full wp-image-1980\" alt=\"\" srcset=\"https:\/\/premiocandanguinhodepoesia.com\/wp-content\/uploads\/2022\/12\/image.png 1536w, https:\/\/premiocandanguinhodepoesia.com\/wp-content\/uploads\/2022\/12\/image-300x200.png 300w, https:\/\/premiocandanguinhodepoesia.com\/wp-content\/uploads\/2022\/12\/image-1024x683.png 1024w, https:\/\/premiocandanguinhodepoesia.com\/wp-content\/uploads\/2022\/12\/image-768x512.png 768w\" sizes=\"(max-width: 1536px) 100vw, 1536px\" \/><\/div><\/a>\n\t\t\t\t<div class=\"elementor-post__badge\">Blog<\/div>\n\t\t\t\t<div class=\"elementor-post__avatar\">\n\t\t\t<img alt='Carolina Petitinga' src='https:\/\/secure.gravatar.com\/avatar\/6c96c218719aab28a1a57074edb4919407850e9eaac1c43791b40559d7e6f1c8?s=128&#038;d=mm&#038;r=g' srcset='https:\/\/secure.gravatar.com\/avatar\/6c96c218719aab28a1a57074edb4919407850e9eaac1c43791b40559d7e6f1c8?s=256&#038;d=mm&#038;r=g 2x' class='avatar avatar-128 photo' height='128' width='128' \/>\t\t<\/div>\n\t\t\t\t<div class=\"elementor-post__text\">\n\t\t\t\t<h3 class=\"elementor-post__title\">\n\t\t\t<a href=\"https:\/\/premiocandanguinhodepoesia.com\/index.php\/2022\/12\/08\/confira-os-vencedores-do-ii-premio-candanguinho-de-poesia-infantojuvenil\/\" >\n\t\t\t\tConfira os vencedores do II Pr\u00eamio Candanguinho de Poesia Infantojuvenil\t\t\t<\/a>\n\t\t<\/h3>\n\t\t\t\t<div class=\"elementor-post__excerpt\">\n\t\t\t<p>Com 868 textos inscritos, projeto consolida proposta de descentraliza\u00e7\u00e3o Ag\u00eancia Bras\u00edlia* | Edi\u00e7\u00e3o: Claudio Fernandes Um momento para festejar o talento de uma nova gera\u00e7\u00e3o<\/p>\n\t\t<\/div>\n\t\t\n\t\t<a class=\"elementor-post__read-more\" href=\"https:\/\/premiocandanguinhodepoesia.com\/index.php\/2022\/12\/08\/confira-os-vencedores-do-ii-premio-candanguinho-de-poesia-infantojuvenil\/\" aria-label=\"Read more about Confira os vencedores do II Pr\u00eamio Candanguinho de Poesia Infantojuvenil\" >\n\t\t\tLeia mais \u00bb\t\t<\/a>\n\n\t\t\t\t<\/div>\n\t\t\t\t<div class=\"elementor-post__meta-data\">\n\t\t\t\t\t<span class=\"elementor-post-date\">\n\t\t\tdezembro 8, 2022\t\t<\/span>\n\t\t\t\t<span class=\"elementor-post-avatar\">\n\t\t\tNenhum coment\u00e1rio\t\t<\/span>\n\t\t\t\t<\/div>\n\t\t\t\t\t<\/div>\n\t\t<\/article>\n\t\t\t\t<article class=\"elementor-post elementor-grid-item post-1963 post type-post status-publish format-standard has-post-thumbnail hentry category-blog\">\n\t\t\t<div class=\"elementor-post__card\">\n\t\t\t\t<a class=\"elementor-post__thumbnail__link\" href=\"https:\/\/premiocandanguinhodepoesia.com\/index.php\/2022\/12\/07\/resultado-premio\/\" ><div class=\"elementor-post__thumbnail\"><img decoding=\"async\" width=\"1600\" height=\"1068\" src=\"https:\/\/premiocandanguinhodepoesia.com\/wp-content\/uploads\/2022\/11\/image-2.png\" class=\"attachment-full size-full wp-image-1892\" alt=\"\" srcset=\"https:\/\/premiocandanguinhodepoesia.com\/wp-content\/uploads\/2022\/11\/image-2.png 1600w, https:\/\/premiocandanguinhodepoesia.com\/wp-content\/uploads\/2022\/11\/image-2-300x200.png 300w, https:\/\/premiocandanguinhodepoesia.com\/wp-content\/uploads\/2022\/11\/image-2-1024x684.png 1024w, https:\/\/premiocandanguinhodepoesia.com\/wp-content\/uploads\/2022\/11\/image-2-768x513.png 768w, https:\/\/premiocandanguinhodepoesia.com\/wp-content\/uploads\/2022\/11\/image-2-1536x1025.png 1536w\" sizes=\"(max-width: 1600px) 100vw, 1600px\" \/><\/div><\/a>\n\t\t\t\t<div class=\"elementor-post__badge\">Blog<\/div>\n\t\t\t\t<div class=\"elementor-post__avatar\">\n\t\t\t<img alt='Carolina Petitinga' src='https:\/\/secure.gravatar.com\/avatar\/6c96c218719aab28a1a57074edb4919407850e9eaac1c43791b40559d7e6f1c8?s=128&#038;d=mm&#038;r=g' srcset='https:\/\/secure.gravatar.com\/avatar\/6c96c218719aab28a1a57074edb4919407850e9eaac1c43791b40559d7e6f1c8?s=256&#038;d=mm&#038;r=g 2x' class='avatar avatar-128 photo' height='128' width='128' \/>\t\t<\/div>\n\t\t\t\t<div class=\"elementor-post__text\">\n\t\t\t\t<h3 class=\"elementor-post__title\">\n\t\t\t<a href=\"https:\/\/premiocandanguinhodepoesia.com\/index.php\/2022\/12\/07\/resultado-premio\/\" >\n\t\t\t\tResultado II Pr\u00eamio Candanguinho de Poesia Infantojuvenil\t\t\t<\/a>\n\t\t<\/h3>\n\t\t\t\t<div class=\"elementor-post__excerpt\">\n\t\t\t<p>II Pr\u00eamio Candanguinho de Poesia Infantojuvenil&nbsp;divulga vencedores Com&nbsp;868&nbsp;textos&nbsp;inscritos, projeto consolida proposta de descentraliza\u00e7\u00e3o&nbsp; Texto: Instituto Cidade C\u00e9u Em&nbsp;um cen\u00e1rio onde&nbsp;professores&nbsp;e pais se preocupam com um&nbsp;crescente&nbsp;desinteresse&nbsp;de<\/p>\n\t\t<\/div>\n\t\t\n\t\t<a class=\"elementor-post__read-more\" href=\"https:\/\/premiocandanguinhodepoesia.com\/index.php\/2022\/12\/07\/resultado-premio\/\" aria-label=\"Read more about Resultado II Pr\u00eamio Candanguinho de Poesia Infantojuvenil\" >\n\t\t\tLeia mais \u00bb\t\t<\/a>\n\n\t\t\t\t<\/div>\n\t\t\t\t<div class=\"elementor-post__meta-data\">\n\t\t\t\t\t<span class=\"elementor-post-date\">\n\t\t\tdezembro 7, 2022\t\t<\/span>\n\t\t\t\t<span class=\"elementor-post-avatar\">\n\t\t\tNenhum coment\u00e1rio\t\t<\/span>\n\t\t\t\t<\/div>\n\t\t\t\t\t<\/div>\n\t\t<\/article>\n\t\t\t\t<article class=\"elementor-post elementor-grid-item post-1919 post type-post status-publish format-standard has-post-thumbnail hentry category-blog\">\n\t\t\t<div class=\"elementor-post__card\">\n\t\t\t\t<a class=\"elementor-post__thumbnail__link\" href=\"https:\/\/premiocandanguinhodepoesia.com\/index.php\/2022\/11\/13\/concurso-de-poesia-para-criancas-e-adolescentes-distribui-premios-no-df-veja-como-participar\/\" ><div class=\"elementor-post__thumbnail\"><img decoding=\"async\" width=\"169\" height=\"300\" src=\"https:\/\/premiocandanguinhodepoesia.com\/wp-content\/uploads\/2022\/11\/image-4.jpeg\" class=\"attachment-full size-full wp-image-1881\" alt=\"\" \/><\/div><\/a>\n\t\t\t\t<div class=\"elementor-post__badge\">Blog<\/div>\n\t\t\t\t<div class=\"elementor-post__avatar\">\n\t\t\t<img alt='Carolina Petitinga' src='https:\/\/secure.gravatar.com\/avatar\/6c96c218719aab28a1a57074edb4919407850e9eaac1c43791b40559d7e6f1c8?s=128&#038;d=mm&#038;r=g' srcset='https:\/\/secure.gravatar.com\/avatar\/6c96c218719aab28a1a57074edb4919407850e9eaac1c43791b40559d7e6f1c8?s=256&#038;d=mm&#038;r=g 2x' class='avatar avatar-128 photo' height='128' width='128' \/>\t\t<\/div>\n\t\t\t\t<div class=\"elementor-post__text\">\n\t\t\t\t<h3 class=\"elementor-post__title\">\n\t\t\t<a href=\"https:\/\/premiocandanguinhodepoesia.com\/index.php\/2022\/11\/13\/concurso-de-poesia-para-criancas-e-adolescentes-distribui-premios-no-df-veja-como-participar\/\" >\n\t\t\t\tConcurso de poesia para crian\u00e7as e adolescentes distribui pr\u00eamios no DF; veja como participar\t\t\t<\/a>\n\t\t<\/h3>\n\t\t\t\t<div class=\"elementor-post__excerpt\">\n\t\t\t<p>Iniciativa pretende incentivar &#8216;gosto pela cria\u00e7\u00e3o liter\u00e1ria&#8217;. Melhores obras ser\u00e3o publicadas em livro, e vencedores receber\u00e3o smartphones, tablets e leitores de e-book. Por g1 DF<\/p>\n\t\t<\/div>\n\t\t\n\t\t<a class=\"elementor-post__read-more\" href=\"https:\/\/premiocandanguinhodepoesia.com\/index.php\/2022\/11\/13\/concurso-de-poesia-para-criancas-e-adolescentes-distribui-premios-no-df-veja-como-participar\/\" aria-label=\"Read more about Concurso de poesia para crian\u00e7as e adolescentes distribui pr\u00eamios no DF; veja como participar\" >\n\t\t\tLeia mais \u00bb\t\t<\/a>\n\n\t\t\t\t<\/div>\n\t\t\t\t<div class=\"elementor-post__meta-data\">\n\t\t\t\t\t<span class=\"elementor-post-date\">\n\t\t\tnovembro 13, 2022\t\t<\/span>\n\t\t\t\t<span class=\"elementor-post-avatar\">\n\t\t\tNenhum coment\u00e1rio\t\t<\/span>\n\t\t\t\t<\/div>\n\t\t\t\t\t<\/div>\n\t\t<\/article>\n\t\t\t\t<article class=\"elementor-post elementor-grid-item post-1915 post type-post status-publish format-standard hentry category-uncategorized\">\n\t\t\t<div class=\"elementor-post__card\">\n\t\t\t\t<div class=\"elementor-post__text\">\n\t\t\t\t<h3 class=\"elementor-post__title\">\n\t\t\t<a href=\"https:\/\/premiocandanguinhodepoesia.com\/index.php\/2022\/11\/13\/concurso-de-poesia-para-criancas-e-adolescentes-distribui-premios-no-df\/\" >\n\t\t\t\tConcurso de poesia para crian\u00e7as e adolescentes distribui pr\u00eamios no DF\t\t\t<\/a>\n\t\t<\/h3>\n\t\t\t\t<div class=\"elementor-post__excerpt\">\n\t\t\t<p>OUTUBRO 24, 2022 Est\u00e3o abertas as inscri\u00e7\u00f5es para a segunda edi\u00e7\u00e3o do Pr\u00eamio Candanguinho de Poesia Infantojuvenil. Os interessados t\u00eam at\u00e9 o dia 11 de<\/p>\n\t\t<\/div>\n\t\t\n\t\t<a class=\"elementor-post__read-more\" href=\"https:\/\/premiocandanguinhodepoesia.com\/index.php\/2022\/11\/13\/concurso-de-poesia-para-criancas-e-adolescentes-distribui-premios-no-df\/\" aria-label=\"Read more about Concurso de poesia para crian\u00e7as e adolescentes distribui pr\u00eamios no DF\" >\n\t\t\tLeia mais \u00bb\t\t<\/a>\n\n\t\t\t\t<\/div>\n\t\t\t\t<div class=\"elementor-post__meta-data\">\n\t\t\t\t\t<span class=\"elementor-post-date\">\n\t\t\tnovembro 13, 2022\t\t<\/span>\n\t\t\t\t<span class=\"elementor-post-avatar\">\n\t\t\tNenhum coment\u00e1rio\t\t<\/span>\n\t\t\t\t<\/div>\n\t\t\t\t\t<\/div>\n\t\t<\/article>\n\t\t\t\t<article class=\"elementor-post elementor-grid-item post-1912 post type-post status-publish format-standard hentry category-uncategorized\">\n\t\t\t<div class=\"elementor-post__card\">\n\t\t\t\t<div class=\"elementor-post__text\">\n\t\t\t\t<h3 class=\"elementor-post__title\">\n\t\t\t<a href=\"https:\/\/premiocandanguinhodepoesia.com\/index.php\/2022\/11\/13\/abertas-as-inscricoes-ao-ii-premio-candanguinho-de-poesia-infantojuvenil\/\" >\n\t\t\t\tAbertas as inscri\u00e7\u00f5es ao II Pr\u00eamio Candanguinho de Poesia Infantojuvenil\t\t\t<\/a>\n\t\t<\/h3>\n\t\t\t\t<div class=\"elementor-post__excerpt\">\n\t\t\t<p>20\/10\/2022 Blog do Riella As inscri\u00e7\u00f5es ao II Pr\u00eamio Candanguinho de Poesia Infantojuvenil, promovido pela Secretaria de Cultura e Economia Criativa (Secec) em parceria com<\/p>\n\t\t<\/div>\n\t\t\n\t\t<a class=\"elementor-post__read-more\" href=\"https:\/\/premiocandanguinhodepoesia.com\/index.php\/2022\/11\/13\/abertas-as-inscricoes-ao-ii-premio-candanguinho-de-poesia-infantojuvenil\/\" aria-label=\"Read more about Abertas as inscri\u00e7\u00f5es ao II Pr\u00eamio Candanguinho de Poesia Infantojuvenil\" >\n\t\t\tLeia mais \u00bb\t\t<\/a>\n\n\t\t\t\t<\/div>\n\t\t\t\t<div class=\"elementor-post__meta-data\">\n\t\t\t\t\t<span class=\"elementor-post-date\">\n\t\t\tnovembro 13, 2022\t\t<\/span>\n\t\t\t\t<span class=\"elementor-post-avatar\">\n\t\t\tNenhum coment\u00e1rio\t\t<\/span>\n\t\t\t\t<\/div>\n\t\t\t\t\t<\/div>\n\t\t<\/article>\n\t\t\t\t<article class=\"elementor-post elementor-grid-item post-1905 post type-post status-publish format-standard hentry category-uncategorized\">\n\t\t\t<div class=\"elementor-post__card\">\n\t\t\t\t<div class=\"elementor-post__text\">\n\t\t\t\t<h3 class=\"elementor-post__title\">\n\t\t\t<a href=\"https:\/\/premiocandanguinhodepoesia.com\/index.php\/2022\/11\/13\/ii-premio-candanguinho-de-poesia-infantojuvenil-abre-inscricoes-2\/\" >\n\t\t\t\tII Pr\u00eamio Candanguinho de Poesia Infantojuvenil abre inscri\u00e7\u00f5es\t\t\t<\/a>\n\t\t<\/h3>\n\t\t\t\t<div class=\"elementor-post__excerpt\">\n\t\t\t<p>Poemas vencedores ser\u00e3o publicados em livro impresso, em braile e em audiolivro 14\/10\/2022 17h10 Geral Distrito Federal Por: Direto da Reda\u00e7\u00e3o \\ Fonte: Ag\u00eancia Bras\u00edlia<\/p>\n\t\t<\/div>\n\t\t\n\t\t<a class=\"elementor-post__read-more\" href=\"https:\/\/premiocandanguinhodepoesia.com\/index.php\/2022\/11\/13\/ii-premio-candanguinho-de-poesia-infantojuvenil-abre-inscricoes-2\/\" aria-label=\"Read more about II Pr\u00eamio Candanguinho de Poesia Infantojuvenil abre inscri\u00e7\u00f5es\" >\n\t\t\tLeia mais \u00bb\t\t<\/a>\n\n\t\t\t\t<\/div>\n\t\t\t\t<div class=\"elementor-post__meta-data\">\n\t\t\t\t\t<span class=\"elementor-post-date\">\n\t\t\tnovembro 13, 2022\t\t<\/span>\n\t\t\t\t<span class=\"elementor-post-avatar\">\n\t\t\tNenhum coment\u00e1rio\t\t<\/span>\n\t\t\t\t<\/div>\n\t\t\t\t\t<\/div>\n\t\t<\/article>\n\t\t\t\t<\/div>\n\t\t\n\t\t\t\t<\/div>\n\t\t\t\t<\/div>\n\t\t\t\t\t<\/div>\n\t\t<\/div>\n\t\t\t\t\t\t\t<\/div>\n\t\t<\/section>\n\t\t\t\t\t\t\t<\/div>\n\t\t","protected":false},"excerpt":{"rendered":"<p>Acompanhe o Pr\u00eamio na M\u00eddia https:\/\/swissreplicas.co\/replica-swiss.comreplika klockorhublot replica watchesrolex replica watches www.replicarolexuhren.de<\/p>\n","protected":false},"author":1,"featured_media":0,"parent":0,"menu_order":0,"comment_status":"closed","ping_status":"closed","template":"","meta":{"om_disable_all_campaigns":false,"_monsterinsights_skip_tracking":false,"_monsterinsights_sitenote_active":false,"_monsterinsights_sitenote_note":"","_monsterinsights_sitenote_category":0,"footnotes":""},"class_list":["post-2346","page","type-page","status-publish","hentry"],"aioseo_notices":[],"_links":{"self":[{"href":"https:\/\/premiocandanguinhodepoesia.com\/index.php\/wp-json\/wp\/v2\/pages\/2346","targetHints":{"allow":["GET"]}}],"collection":[{"href":"https:\/\/premiocandanguinhodepoesia.com\/index.php\/wp-json\/wp\/v2\/pages"}],"about":[{"href":"https:\/\/premiocandanguinhodepoesia.com\/index.php\/wp-json\/wp\/v2\/types\/page"}],"author":[{"embeddable":true,"href":"https:\/\/premiocandanguinhodepoesia.com\/index.php\/wp-json\/wp\/v2\/users\/1"}],"replies":[{"embeddable":true,"href":"https:\/\/premiocandanguinhodepoesia.com\/index.php\/wp-json\/wp\/v2\/comments?post=2346"}],"version-history":[{"count":29,"href":"https:\/\/premiocandanguinhodepoesia.com\/index.php\/wp-json\/wp\/v2\/pages\/2346\/revisions"}],"predecessor-version":[{"id":2493,"href":"https:\/\/premiocandanguinhodepoesia.com\/index.php\/wp-json\/wp\/v2\/pages\/2346\/revisions\/2493"}],"wp:attachment":[{"href":"https:\/\/premiocandanguinhodepoesia.com\/index.php\/wp-json\/wp\/v2\/media?parent=2346"}],"curies":[{"name":"wp","href":"https:\/\/api.w.org\/{rel}","templated":true}]}}